{"id":7084,"date":"2023-05-17T20:58:02","date_gmt":"2023-05-17T17:58:02","guid":{"rendered":"https:\/\/ofissamobilya.com.tr\/?post_type=product&#038;p=7084"},"modified":"2023-07-20T23:28:37","modified_gmt":"2023-07-20T20:28:37","slug":"eco-l2","status":"publish","type":"product","link":"https:\/\/ofissamobilya.com.tr\/en\/urun\/eco-l2\/","title":{"rendered":"Eco L2"},"content":{"rendered":"","protected":false},"excerpt":{"rendered":"<blockquote><p><strong>\u00c7ok e\u015fya az yer varsa \u00e7\u00f6z\u00fcm Eco L serisi, artt\u0131r\u0131labilir kapasitesi ile ihtiya\u00e7lar\u0131n\u0131z\u0131 gidermek i\u00e7in her imkan\u0131 sunarken geni\u015f renk yelpazesi ile ofisinize en uyumlu g\u00f6r\u00fcn\u00fcm\u00fc se\u00e7menize kolayl\u0131k sa\u011flar.<\/strong><\/p>\n<p>&nbsp;<\/p><\/blockquote>\n<p>Eco L serisi depolama alan\u0131n\u0131z\u0131 size en yak\u0131n yerde konumland\u0131r\u0131r ve da\u011f\u0131n\u0131kl\u0131ktan sizi kurtar\u0131r. Geni\u015f \u00e7al\u0131\u015fma y\u00fczeyi ve entegre etejeri bir ki\u015fiye en do\u011fru alan\u0131 sa\u011flar, yard\u0131mc\u0131 ekipmanlar\u0131 ile toplu ofis alanlar\u0131nda d\u00fczenli g\u00f6r\u00fcn\u00fcm olu\u015fturur.<\/p>\n","protected":false},"featured_media":7090,"template":"","meta":[],"product_cat":[35],"product_tag":[63],"class_list":["post-7084","product","type-product","status-publish","has-post-thumbnail","hentry","product_cat-personel-masa-takimlari","product_tag-buro-masa-takimlari"],"_links":{"self":[{"href":"https:\/\/ofissamobilya.com.tr\/en\/wp-json\/wp\/v2\/product\/7084","targetHints":{"allow":["GET"]}}],"collection":[{"href":"https:\/\/ofissamobilya.com.tr\/en\/wp-json\/wp\/v2\/product"}],"about":[{"href":"https:\/\/ofissamobilya.com.tr\/en\/wp-json\/wp\/v2\/types\/product"}],"wp:featuredmedia":[{"embeddable":true,"href":"https:\/\/ofissamobilya.com.tr\/en\/wp-json\/wp\/v2\/media\/7090"}],"wp:attachment":[{"href":"https:\/\/ofissamobilya.com.tr\/en\/wp-json\/wp\/v2\/media?parent=7084"}],"wp:term":[{"taxonomy":"product_cat","embeddable":true,"href":"https:\/\/ofissamobilya.com.tr\/en\/wp-json\/wp\/v2\/product_cat?post=7084"},{"taxonomy":"product_tag","embeddable":true,"href":"https:\/\/ofissamobilya.com.tr\/en\/wp-json\/wp\/v2\/product_tag?post=7084"}],"curies":[{"name":"wp","href":"https:\/\/api.w.org\/{rel}","templated":true}]}}