{"id":7189,"date":"2023-05-19T14:13:58","date_gmt":"2023-05-19T11:13:58","guid":{"rendered":"https:\/\/ofissamobilya.com.tr\/?post_type=product&#038;p=7189"},"modified":"2023-07-20T23:39:02","modified_gmt":"2023-07-20T20:39:02","slug":"note-4p","status":"publish","type":"product","link":"https:\/\/ofissamobilya.com.tr\/en\/urun\/note-4p\/","title":{"rendered":"Note 4P+"},"content":{"rendered":"","protected":false},"excerpt":{"rendered":"<blockquote><p><strong>Dar alanlarda kullan\u0131ma son derece uygun olan Note 4P masa alt\u0131nda kullan\u0131lan ek depolama alanlar\u0131 ile daha d\u00fczenli bir ofis yaratman\u0131z\u0131 sa\u011flar. <\/strong><\/p><\/blockquote>\n<p>Kar\u015f\u0131l\u0131kl\u0131 ve birle\u015fik tasarlanan Note 4P+ kullan\u0131c\u0131lar\u0131n birbirleriyle h\u0131zl\u0131 etkile\u015fimi i\u00e7in de kolayl\u0131k tan\u0131yan \u00f6zelliklere sahip. Ayak yerine kullan\u0131lan \u00e7ekmeceler ve \u00e7al\u0131\u015fma y\u00fczeyi \u00fczerindeki melamin panel d\u00fczen konusunda kolayl\u0131k sa\u011flar. Masa alt\u0131na eklenebilen kasa ta\u015f\u0131y\u0131c\u0131s\u0131 da ek alan olu\u015fturmay\u0131 kolayla\u015ft\u0131r\u0131r.<\/p>\n","protected":false},"featured_media":7193,"template":"","meta":[],"product_cat":[36],"product_tag":[63],"class_list":["post-7189","product","type-product","status-publish","has-post-thumbnail","hentry","product_cat-is-istasyonlari","product_tag-buro-masa-takimlari"],"_links":{"self":[{"href":"https:\/\/ofissamobilya.com.tr\/en\/wp-json\/wp\/v2\/product\/7189","targetHints":{"allow":["GET"]}}],"collection":[{"href":"https:\/\/ofissamobilya.com.tr\/en\/wp-json\/wp\/v2\/product"}],"about":[{"href":"https:\/\/ofissamobilya.com.tr\/en\/wp-json\/wp\/v2\/types\/product"}],"wp:featuredmedia":[{"embeddable":true,"href":"https:\/\/ofissamobilya.com.tr\/en\/wp-json\/wp\/v2\/media\/7193"}],"wp:attachment":[{"href":"https:\/\/ofissamobilya.com.tr\/en\/wp-json\/wp\/v2\/media?parent=7189"}],"wp:term":[{"taxonomy":"product_cat","embeddable":true,"href":"https:\/\/ofissamobilya.com.tr\/en\/wp-json\/wp\/v2\/product_cat?post=7189"},{"taxonomy":"product_tag","embeddable":true,"href":"https:\/\/ofissamobilya.com.tr\/en\/wp-json\/wp\/v2\/product_tag?post=7189"}],"curies":[{"name":"wp","href":"https:\/\/api.w.org\/{rel}","templated":true}]}}